{"id":6,"date":"2014-03-22T15:37:09","date_gmt":"2014-03-22T15:37:09","guid":{"rendered":"http:\/\/www.elciclobcn.com\/es\/?page_id=6"},"modified":"2025-09-06T10:07:33","modified_gmt":"2025-09-06T08:07:33","slug":"home","status":"publish","type":"page","link":"https:\/\/www.elciclobcn.com\/es\/","title":{"rendered":"Home"},"content":{"rendered":"<p>[et_pb_section fb_built=\u00bb1&#8243; fullwidth=\u00bbon\u00bb _builder_version=\u00bb4.16&#8243; custom_padding=\u00bb0px|0px|0px|0px\u00bb global_colors_info=\u00bb{}\u00bb][et_pb_fullwidth_header title=\u00bbEl Ciclo\u00bb text_orientation=\u00bbcenter\u00bb button_one_text=\u00bbReservar ahora\u00bb button_one_url=\u00bbhttps:\/\/www.elciclobcn.com\/es\/reservar\/\u00bb button_two_text=\u00bbLeer m\u00e1s\u00bb button_two_url=\u00bbhttps:\/\/www.elciclobcn.com\/es\/concept-store\/\u00bb title_tablet=\u00bbEl Ciclo\u00bb title_phone=\u00bbEl Ciclo\u00bb title_last_edited=\u00bbon|tablet\u00bb _builder_version=\u00bb4.16&#8243; title_font=\u00bb|800||on|||||\u00bb title_text_align=\u00bbcenter\u00bb title_text_color=\u00bb#000000&#8243; title_font_size=\u00bb58px\u00bb title_letter_spacing=\u00bb1px\u00bb title_line_height=\u00bb1.6em\u00bb content_text_align=\u00bbcenter\u00bb content_text_color=\u00bb#000000&#8243; subhead_font=\u00bb|700|||||||\u00bb subhead_text_align=\u00bbcenter\u00bb subhead_text_color=\u00bb#000000&#8243; subhead_font_size=\u00bb22px\u00bb background_color=\u00bbrgba(255, 255, 255, 0)\u00bb background_image=\u00bbhttps:\/\/www.elciclobcn.com\/es\/wp-content\/uploads\/sites\/2\/2016\/03\/ELCICLOBCN-2-of-7_mini.jpg\u00bb custom_button_one=\u00bbon\u00bb button_one_text_color=\u00bb#000000&#8243; button_one_icon=\u00bb&#x35;||divi||400&#8243; custom_button_two=\u00bbon\u00bb button_two_text_color=\u00bb#000000&#8243; button_two_icon=\u00bb&#x35;||divi||400&#8243; background_layout=\u00bblight\u00bb child_filter_opacity=\u00bb50%\u00bb global_colors_info=\u00bb{}\u00bb button_one_text_size__hover_enabled=\u00bboff\u00bb button_one_text_size__hover=\u00bbnull\u00bb button_two_text_size__hover_enabled=\u00bboff\u00bb button_two_text_size__hover=\u00bbnull\u00bb button_one_text_color__hover_enabled=\u00bboff\u00bb button_one_text_color__hover=\u00bbnull\u00bb button_two_text_color__hover_enabled=\u00bboff\u00bb button_two_text_color__hover=\u00bbnull\u00bb button_one_border_width__hover_enabled=\u00bboff\u00bb button_one_border_width__hover=\u00bbnull\u00bb button_two_border_width__hover_enabled=\u00bboff\u00bb button_two_border_width__hover=\u00bbnull\u00bb button_one_border_color__hover_enabled=\u00bboff\u00bb button_one_border_color__hover=\u00bbnull\u00bb button_two_border_color__hover_enabled=\u00bboff\u00bb button_two_border_color__hover=\u00bbnull\u00bb button_one_border_radius__hover_enabled=\u00bboff\u00bb button_one_border_radius__hover=\u00bbnull\u00bb button_two_border_radius__hover_enabled=\u00bboff\u00bb button_two_border_radius__hover=\u00bbnull\u00bb button_one_letter_spacing__hover_enabled=\u00bboff\u00bb button_one_letter_spacing__hover=\u00bbnull\u00bb button_two_letter_spacing__hover_enabled=\u00bboff\u00bb button_two_letter_spacing__hover=\u00bbnull\u00bb button_one_bg_color__hover_enabled=\u00bboff\u00bb button_one_bg_color__hover=\u00bbnull\u00bb button_two_bg_color__hover_enabled=\u00bboff\u00bb button_two_bg_color__hover=\u00bbnull\u00bb]<\/p>\n<p>&nbsp;<\/p>\n<p>&nbsp;<\/p>\n<p>&nbsp;<\/p>\n<p>[\/et_pb_fullwidth_header][et_pb_fullwidth_header title=\u00bbLa tienda m\u00e1s original de Barcelona para alquilar bicicletas, hacer un tour por Barcelona y ver arte hecha de bicicletas antiguas.\u00bb title_tablet=\u00bbLa tienda m\u00e1s original de Barcelona para comprarte una bici de segunda mano, alquilar bicicletas y ver arte hecha de bicicletas antiguas.\u00bb title_phone=\u00bbLa tienda m\u00e1s original de Barcelona para comprarte una bici de segunda mano, alquilar bicicletas y ver arte hecha de bicicletas antiguas.\u00bb title_last_edited=\u00bbon|phone\u00bb _builder_version=\u00bb4.27.4&#8243; _module_preset=\u00bbdefault\u00bb title_level=\u00bbh2&#8243; title_font=\u00bb|300|on||||||\u00bb title_text_align=\u00bbcenter\u00bb title_text_color=\u00bb#000000&#8243; content_font=\u00bb|700|||||||\u00bb content_text_align=\u00bbcenter\u00bb content_text_color=\u00bb#000000&#8243; content_font_size=\u00bb20px\u00bb background_color=\u00bb#ffffff\u00bb min_height=\u00bb86px\u00bb custom_margin=\u00bb||-17px|||\u00bb custom_padding=\u00bb12px||0px|||\u00bb global_colors_info=\u00bb{}\u00bb]<\/p>\n<p><span style=\"font-size: 20px;\">\u00a0<\/span><\/p>\n<p>\u00a1Y acabamos de abrir nuestra <a href=\"https:\/\/www.elciclobcn.com\/es\/tienda\">tienda online<\/a>!<\/p>\n<p>[\/et_pb_fullwidth_header][\/et_pb_section][et_pb_section fb_built=\u00bb1&#8243; _builder_version=\u00bb4.16&#8243; custom_padding=\u00bb13px|0px|13px|0px|false|false\u00bb global_colors_info=\u00bb{}\u00bb][et_pb_row _builder_version=\u00bb4.27.4&#8243; _module_preset=\u00bbdefault\u00bb column_structure=\u00bb1_3,1_3,1_3&#8243;][et_pb_column _builder_version=\u00bb4.27.4&#8243; _module_preset=\u00bbdefault\u00bb type=\u00bb1_3&#8243;][et_pb_text content_tablet=\u00bb\u00bb content_phone=\u00bb\u00bb content_last_edited=\u00bbon|desktop\u00bb _builder_version=\u00bb4.16&#8243; global_colors_info=\u00bb{}\u00bb]<\/p>\n<p><img loading=\"lazy\" decoding=\"async\" class=\"wp-image-356 aligncenter size-full\" src=\"https:\/\/www.elciclobcn.com\/es\/wp-content\/uploads\/sites\/2\/2018\/03\/tour-privado-en-bicicleta-barcelona1.jpg\" alt=\"\" width=\"400\" height=\"300\" srcset=\"https:\/\/www.elciclobcn.com\/es\/wp-content\/uploads\/sites\/2\/2018\/03\/tour-privado-en-bicicleta-barcelona1.jpg 400w, https:\/\/www.elciclobcn.com\/es\/wp-content\/uploads\/sites\/2\/2018\/03\/tour-privado-en-bicicleta-barcelona1-300x225.jpg 300w\" sizes=\"(max-width: 400px) 100vw, 400px\" \/><\/p>\n<h2 style=\"text-align: center;\">Tour en bicicleta<\/h2>\n<p style=\"text-align: center;\">Descubre la verdadera Barcelona durante nuestros tours en bicicleta. Un gu\u00eda privado, que vive en la ciudad y conoce todos los lugares importantes y tambi\u00e9n los m\u00e1s escondidos, te ense\u00f1ar\u00e1 lo mejor de Barcelona. Nuestros gu\u00edas hacen cada tour a medida y dar\u00e1n sus consejos para que tu visita de la ciudad condal sea perfecta.<\/p>\n<p><strong><span style=\"text-decoration: underline;\"><a href=\"tour-privado\/\">&gt;&gt;M\u00e1s informaci\u00f3n<\/a><\/span><\/strong><br \/><strong> <span style=\"text-decoration: underline;\"> <a href=\"reservar\/\">&gt;&gt;Haz click aqu\u00ed para reservar<\/a><\/span><\/strong><\/p>\n<p>[\/et_pb_text][\/et_pb_column][et_pb_column _builder_version=\u00bb4.27.4&#8243; _module_preset=\u00bbdefault\u00bb type=\u00bb1_3&#8243;][et_pb_text _builder_version=\u00bb4.16&#8243; global_colors_info=\u00bb{}\u00bb]<\/p>\n<h2 style=\"text-align: center;\"><img loading=\"lazy\" decoding=\"async\" class=\"wp-image-336 aligncenter size-full\" src=\"https:\/\/www.elciclobcn.com\/es\/wp-content\/uploads\/sites\/2\/2018\/03\/tour-en-bicicleta-espanol-Barcelona.jpg\" alt=\"\" width=\"300\" height=\"225\" \/><\/h2>\n<h2 style=\"text-align: center;\">Alquiler de bicicletas<\/h2>\n<p style=\"text-align: center;\">En El Ciclo puedes alquilar bicicletas c\u00f3modas para descubrir la ciudad. Cestas, sillas de ni\u00f1os, candados fuertes y cascos est\u00e1n incluidos en el precio. Si\u00e9ntate como un Barcelon\u00e9s y ve conociendo Barcelona desde la bici. Es recomendable hacer una reserva.<\/p>\n<p><strong><span style=\"text-decoration: underline;\"><a href=\"alquiler-de-bicicletas\/\">&gt;&gt;M\u00e1s informaci\u00f3n<\/a><\/span><\/strong><br \/><strong> <span style=\"text-decoration: underline;\"> <a href=\"reservar\/\">&gt;&gt;Haz click aqu\u00ed para reservar<\/a><\/span><\/strong><\/p>\n<p>[\/et_pb_text][\/et_pb_column][et_pb_column _builder_version=\u00bb4.27.4&#8243; _module_preset=\u00bbdefault\u00bb type=\u00bb1_3&#8243;][et_pb_text _builder_version=\u00bb4.16&#8243; global_colors_info=\u00bb{}\u00bb]<\/p>\n<h2><img loading=\"lazy\" decoding=\"async\" class=\"aligncenter size-full wp-image-488\" src=\"https:\/\/www.elciclobcn.com\/es\/wp-content\/uploads\/sites\/2\/2019\/09\/Ramiro_El_Ciclo_small.jpg\" alt=\"Ramiro en la tienda El Ciclo\" width=\"300\" height=\"225\" \/><\/h2>\n<h2 style=\"text-align: center;\">Concept Store<\/h2>\n<p style=\"text-align: center;\">El Ciclo no es una bicicleter\u00eda cualquiera. La pasi\u00f3n por la bicicleta y nuestro trabajo nos ha ayudado a convertir a nuestra tienda en un verdadero homenaje a la bici. Si te gustan las bicis y\/o el reciclaje, estamos encantados de recibirte y mostrar todo lo que hacemos en El Ciclo y en nuestro taller.<\/p>\n<p><strong><span style=\"text-decoration: underline;\"><a href=\"https:\/\/www.elciclobcn.com\/es\/concept-store\/\">&gt;&gt;M\u00e1s informaci\u00f3n<\/a><\/span><\/strong><strong><span style=\"text-decoration: underline;\"><br \/><\/span><\/strong><\/p>\n<p>[\/et_pb_text][\/et_pb_column][\/et_pb_row][\/et_pb_section][et_pb_section fb_built=\u00bb1&#8243; fullwidth=\u00bbon\u00bb _builder_version=\u00bb4.16&#8243; _module_preset=\u00bbdefault\u00bb background_color=\u00bbrgba(0,0,0,0.11)\u00bb global_colors_info=\u00bb{}\u00bb][et_pb_fullwidth_header title=\u00bb\u00bfPor qu\u00e9 elegir a El Ciclo?\u00bb _builder_version=\u00bb4.16&#8243; _module_preset=\u00bbdefault\u00bb title_font=\u00bb|800|||||||\u00bb title_text_align=\u00bbcenter\u00bb title_text_color=\u00bb#000000&#8243; content_font=\u00bb|300|||||||\u00bb custom_padding=\u00bb||0px|||\u00bb global_colors_info=\u00bb{}\u00bb]<\/p>\n<h5>\u00a0<\/h5>\n<h5 style=\"text-align: center;\"><em><span style=\"color: #000000;\">Somos apasionados de las bicicletas y de nuestro trabajo.<\/span><\/em><\/h5>\n<h5 style=\"text-align: center;\"><em><span style=\"color: #000000;\">Te ofrecemos un servicio personal y intentamos ser flexibles.<\/span><\/em><\/h5>\n<h5 style=\"text-align: center;\"><em style=\"text-align: left; font-size: 16px;\"><span style=\"color: #000000;\">Creemos en el reciclaje y reutilizamos casi todo.<\/span><\/em><\/h5>\n<h5 style=\"text-align: center;\"><em style=\"text-align: left; font-size: 16px;\"><span style=\"color: #000000;\">Tenemos bicicletas de calidad y tu seguridad es lo m\u00e1s importante para nosotros.<\/span><\/em><\/h5>\n<h5 style=\"text-align: center;\"><em><span style=\"color: #000000;\">Gu\u00edas privadas que realmente conocen la ciudad, nada de turismo de masas.<\/span><\/em><\/h5>\n<p>[\/et_pb_fullwidth_header][\/et_pb_section][et_pb_section fb_built=\u00bb1&#8243; _builder_version=\u00bb4.16&#8243; custom_padding=\u00bb0px|0px|54px|0px\u00bb global_colors_info=\u00bb{}\u00bb][et_pb_row column_structure=\u00bb1_2,1_2&#8243; _builder_version=\u00bb4.16&#8243; background_size=\u00bbinitial\u00bb background_position=\u00bbtop_left\u00bb background_repeat=\u00bbrepeat\u00bb global_colors_info=\u00bb{}\u00bb][et_pb_column type=\u00bb1_2&#8243; _builder_version=\u00bb4.16&#8243; custom_padding=\u00bb|||\u00bb global_colors_info=\u00bb{}\u00bb custom_padding__hover=\u00bb|||\u00bb][et_pb_video src=\u00bbhttps:\/\/www.youtube.com\/watch?v=h5ojOw3CC94&#8243; disabled_on=\u00bbon|on|on\u00bb _builder_version=\u00bb4.20.2&#8243; disabled=\u00bbon\u00bb global_colors_info=\u00bb{}\u00bb]<\/p>\n<p>[\/et_pb_video][et_pb_image src=\u00bbhttps:\/\/www.elciclobcn.com\/es\/wp-content\/uploads\/sites\/2\/2024\/08\/overlay_video_png.png\u00bb alt=\u00bboverlay es\u00bb title_text=\u00bboverlay_video_png\u00bb url=\u00bbhttps:\/\/www.youtube.com\/watch?v=h5ojOw3CC94&#8243; url_new_window=\u00bbon\u00bb _builder_version=\u00bb4.20.2&#8243; _module_preset=\u00bbdefault\u00bb global_colors_info=\u00bb{}\u00bb][\/et_pb_image][\/et_pb_column][et_pb_column type=\u00bb1_2&#8243; _builder_version=\u00bb4.16&#8243; custom_padding=\u00bb|||\u00bb global_colors_info=\u00bb{}\u00bb custom_padding__hover=\u00bb|||\u00bb][et_pb_text _builder_version=\u00bb4.16&#8243; global_colors_info=\u00bb{}\u00bb]<\/p>\n<h1 style=\"text-align: center;\">Rese\u00f1as de clientes<\/h1>\n<p>&nbsp;<\/p>\n<h3 style=\"text-align: center;\">\u2018Un 10 en servicio y trato\u2019<\/h3>\n<p style=\"text-align: center;\">Excelente experiencia con\u00a0el trato personal y humano, precio inmejorable y un tour precioso de la ciudad. Las l\u00e1mparas que fabrican tienen mucho encanto.<\/p>\n<h3 style=\"text-align: center;\">\u2018Mejor que perfecto\u2019<\/h3>\n<p style=\"text-align: center;\">Todo facilidades y un trato estupendo. Una experiencia mas all\u00e1 de un paseo en bici. Uno de esos sitios y personas especiales a los que gusta conocer. Merece la pena charlar un rato con su due\u00f1o. Bicis estupendas, la ubicaci\u00f3n es inmejorable y el precio&#8230;<span class=\"taLnk ulBlueLinks\">M\u00e1s<\/span><\/p>\n<h3 style=\"text-align: center;\">\u2018No es simplemente un alquiler de bicis\u2019<\/h3>\n<p style=\"text-align: center;\">Entrar al ciclo es visitar uno de los lugares con mas encanto para los amantes del ciclismo, con una decoraci\u00f3n \u00fanica y la atenci\u00f3n de 5 estrellas.<\/p>\n<p style=\"text-align: center;\">Puedes encontrar m\u00e1s rese\u00f1as en <span style=\"text-decoration: underline;\"><strong><a href=\"https:\/\/www.tripadvisor.es\/Attraction_Review-g187497-d5503748-Reviews-El_Ciclo-Barcelona_Catalonia.html\">Tripadvisor<\/a><\/strong><\/span> y<strong><span style=\"text-decoration: underline;\"> <a href=\"https:\/\/www.facebook.com\/pg\/RCicloBCN\/reviews\/?ref=page_internal\">Facebook<\/a><\/span><\/strong>. \u00a1Y por supsuesto nos encantar\u00eda si quieres dejarnos tu opini\u00f3n!<\/p>\n<p>[\/et_pb_text][\/et_pb_column][\/et_pb_row][et_pb_row _builder_version=\u00bb4.16&#8243; background_size=\u00bbinitial\u00bb background_position=\u00bbtop_left\u00bb background_repeat=\u00bbrepeat\u00bb global_colors_info=\u00bb{}\u00bb][et_pb_column type=\u00bb4_4&#8243; _builder_version=\u00bb4.16&#8243; custom_padding=\u00bb|||\u00bb global_colors_info=\u00bb{}\u00bb custom_padding__hover=\u00bb|||\u00bb][et_pb_text _builder_version=\u00bb4.16&#8243; global_colors_info=\u00bb{}\u00bb]<\/p>\n<h1 style=\"text-align: center;\">\u00bfC\u00f3mo llegar a El Ciclo?<\/h1>\n<p>[\/et_pb_text][\/et_pb_column][\/et_pb_row][et_pb_row column_structure=\u00bb1_3,2_3&#8243; _builder_version=\u00bb4.16&#8243; background_size=\u00bbinitial\u00bb background_position=\u00bbtop_left\u00bb background_repeat=\u00bbrepeat\u00bb global_colors_info=\u00bb{}\u00bb][et_pb_column type=\u00bb1_3&#8243; _builder_version=\u00bb4.16&#8243; custom_padding=\u00bb|||\u00bb global_colors_info=\u00bb{}\u00bb custom_padding__hover=\u00bb|||\u00bb][et_pb_text _builder_version=\u00bb4.27.4&#8243; global_colors_info=\u00bb{}\u00bb]<\/p>\n<h2 style=\"text-align: center;\">Caminando<\/h2>\n<p style=\"text-align: center;\">Caminando en la direcci\u00f3n mar por La Rambla, al final encontrar\u00e1s el Burger King y la Universidad Elisava a tu mano izquierda. Entra en esta calle y sigue hasta el Carrer de Nou de Sant Francesc. A tu mano derecha, ver\u00e1s El Ciclo (n\u00famero 17).<\/p>\n<h2 style=\"text-align: center;\">Metro<\/h2>\n<p style=\"text-align: center;\">La l\u00ednea verde L3 te lleva hasta la estaci\u00f3n de Drassanes. Camina La Rambla (direcci\u00f3n Pla\u00e7a Catalunya) hasta encontrar el Burger King a tu mano derecha y entra en esta calle.<\/p>\n<h2 style=\"text-align: center;\">Nuestra direcci\u00f3n<\/h2>\n<p style=\"text-align: center;\">El Ciclo est\u00e1 ubicado en el barrio g\u00f3tico, cerca de la Rambla, Plaza Real y el Puerto Viejo de Barcelona.<\/p>\n<p style=\"text-align: center;\">Carrer Nou de Sant Francesc 17<br \/><strong> 08002 Barcelona, El G\u00f2tic<\/strong><br \/>0034 936243920 or 662288751<\/p>\n<h2 style=\"text-align: center;\">Horario<\/h2>\n<p style=\"text-align: center;\">Verano (abril-octubre) De lunes a domingo 10.00-18.00 o con cita previa<br \/>Invierno (noviembre-marzo) De lunes a s\u00e1bado 10.00-18.00 y domingo solo con cita previa<\/p>\n<p>[\/et_pb_text][\/et_pb_column][et_pb_column type=\u00bb2_3&#8243; _builder_version=\u00bb4.16&#8243; custom_padding=\u00bb|||\u00bb global_colors_info=\u00bb{}\u00bb custom_padding__hover=\u00bb|||\u00bb][et_pb_text _builder_version=\u00bb4.16&#8243; global_colors_info=\u00bb{}\u00bb]<\/p>\n<p><iframe loading=\"lazy\" style=\"border: 0;\" src=\"https:\/\/www.google.com\/maps\/embed?pb=!4v1539598419241!6m8!1m7!1sCAoSLEFGMVFpcFBzcTNzUDM5c2NSb2pOd2hWQnlGR2NjQTJmTnpFd25xMy1ydnZi!2m2!1d41.37890396217736!2d2.177416658895481!3f30.61!4f3.0400000000000063!5f0.7820865974627469\" width=\"600\" height=\"450\" frameborder=\"0\" allowfullscreen=\"allowfullscreen\"><\/iframe><\/p>\n<p>[\/et_pb_text][et_pb_image src=\u00bbhttps:\/\/www.elciclobcn.com\/es\/wp-content\/uploads\/sites\/2\/2018\/03\/El-Ciclo-map-Google.jpg\u00bb url=\u00bbhttps:\/\/www.google.es\/maps?client=safari&#038;rls=en&#038;q=el+ciclo+barcelona&#038;oe=UTF-8&#038;gfe_rd=cr&#038;dcr=0&#038;um=1&#038;ie=UTF-8&#038;sa=X&#038;ved=0ahUKEwi_mJ76083ZAhUEVxQKHVrMAkAQ_AUICygC\u00bb url_new_window=\u00bbon\u00bb align_tablet=\u00bbcenter\u00bb align_phone=\u00bb\u00bb align_last_edited=\u00bbon|desktop\u00bb _builder_version=\u00bb4.16&#8243; global_colors_info=\u00bb{}\u00bb]<\/p>\n<p>[\/et_pb_image][\/et_pb_column][\/et_pb_row][\/et_pb_section]<\/p>\n","protected":false},"excerpt":{"rendered":"<p>&nbsp; &nbsp; &nbsp;\u00a0 \u00a1Y acabamos de abrir nuestra tienda online! Tour en bicicleta Descubre la verdadera Barcelona durante nuestros tours en bicicleta. Un gu\u00eda privado, que vive en la ciudad y conoce todos los lugares importantes y tambi\u00e9n los m\u00e1s escondidos, te ense\u00f1ar\u00e1 lo mejor de Barcelona. Nuestros gu\u00edas hacen cada tour a medida y [&hellip;]<\/p>\n","protected":false},"author":1,"featured_media":0,"parent":0,"menu_order":0,"comment_status":"open","ping_status":"open","template":"","meta":{"_et_pb_use_builder":"on","_et_pb_old_content":"","_et_gb_content_width":"","_monsterinsights_skip_tracking":false,"_monsterinsights_sitenote_active":false,"_monsterinsights_sitenote_note":"","_monsterinsights_sitenote_category":0,"footnotes":""},"class_list":["post-6","page","type-page","status-publish","hentry"],"yoast_head":"<!-- This site is optimized with the Yoast SEO plugin v23.2 - https:\/\/yoast.com\/wordpress\/plugins\/seo\/ -->\n<title>Home - El Ciclo Barcelona<\/title>\n<meta name=\"robots\" content=\"index, follow, max-snippet:-1, max-image-preview:large, max-video-preview:-1\" \/>\n<link rel=\"canonical\" href=\"https:\/\/www.elciclobcn.com\/es\/\" \/>\n<meta property=\"og:locale\" content=\"es_ES\" \/>\n<meta property=\"og:type\" content=\"article\" \/>\n<meta property=\"og:title\" content=\"Home - El Ciclo Barcelona\" \/>\n<meta property=\"og:description\" content=\"&nbsp; &nbsp; &nbsp;\u00a0 \u00a1Y acabamos de abrir nuestra tienda online! Tour en bicicleta Descubre la verdadera Barcelona durante nuestros tours en bicicleta. Un gu\u00eda privado, que vive en la ciudad y conoce todos los lugares importantes y tambi\u00e9n los m\u00e1s escondidos, te ense\u00f1ar\u00e1 lo mejor de Barcelona. Nuestros gu\u00edas hacen cada tour a medida y [&hellip;]\" \/>\n<meta property=\"og:url\" content=\"https:\/\/www.elciclobcn.com\/es\/\" \/>\n<meta property=\"og:site_name\" content=\"El Ciclo Barcelona\" \/>\n<meta property=\"article:modified_time\" content=\"2025-09-06T08:07:33+00:00\" \/>\n<meta property=\"og:image\" content=\"https:\/\/www.elciclobcn.com\/es\/wp-content\/uploads\/sites\/2\/2018\/03\/tour-privado-en-bicicleta-barcelona1.jpg\" \/>\n<meta name=\"twitter:label1\" content=\"Tiempo de lectura\" \/>\n\t<meta name=\"twitter:data1\" content=\"4 minutos\" \/>\n<script type=\"application\/ld+json\" class=\"yoast-schema-graph\">{\"@context\":\"https:\/\/schema.org\",\"@graph\":[{\"@type\":\"WebPage\",\"@id\":\"https:\/\/www.elciclobcn.com\/es\/\",\"url\":\"https:\/\/www.elciclobcn.com\/es\/\",\"name\":\"Home - El Ciclo Barcelona\",\"isPartOf\":{\"@id\":\"https:\/\/www.elciclobcn.com\/es\/#website\"},\"primaryImageOfPage\":{\"@id\":\"https:\/\/www.elciclobcn.com\/es\/#primaryimage\"},\"image\":{\"@id\":\"https:\/\/www.elciclobcn.com\/es\/#primaryimage\"},\"thumbnailUrl\":\"https:\/\/www.elciclobcn.com\/es\/wp-content\/uploads\/sites\/2\/2018\/03\/tour-privado-en-bicicleta-barcelona1.jpg\",\"datePublished\":\"2014-03-22T15:37:09+00:00\",\"dateModified\":\"2025-09-06T08:07:33+00:00\",\"inLanguage\":\"es\",\"potentialAction\":[{\"@type\":\"ReadAction\",\"target\":[\"https:\/\/www.elciclobcn.com\/es\/\"]}]},{\"@type\":\"ImageObject\",\"inLanguage\":\"es\",\"@id\":\"https:\/\/www.elciclobcn.com\/es\/#primaryimage\",\"url\":\"https:\/\/www.elciclobcn.com\/es\/wp-content\/uploads\/sites\/2\/2018\/03\/tour-privado-en-bicicleta-barcelona1.jpg\",\"contentUrl\":\"https:\/\/www.elciclobcn.com\/es\/wp-content\/uploads\/sites\/2\/2018\/03\/tour-privado-en-bicicleta-barcelona1.jpg\",\"width\":400,\"height\":300},{\"@type\":\"WebSite\",\"@id\":\"https:\/\/www.elciclobcn.com\/es\/#website\",\"url\":\"https:\/\/www.elciclobcn.com\/es\/\",\"name\":\"El Ciclo Barcelona\",\"description\":\"Bicicletas, arte y m\u00e1s\",\"potentialAction\":[{\"@type\":\"SearchAction\",\"target\":{\"@type\":\"EntryPoint\",\"urlTemplate\":\"https:\/\/www.elciclobcn.com\/es\/?s={search_term_string}\"},\"query-input\":\"required name=search_term_string\"}],\"inLanguage\":\"es\"}]}<\/script>\n<!-- \/ Yoast SEO plugin. -->","yoast_head_json":{"title":"Home - El Ciclo Barcelona","robots":{"index":"index","follow":"follow","max-snippet":"max-snippet:-1","max-image-preview":"max-image-preview:large","max-video-preview":"max-video-preview:-1"},"canonical":"https:\/\/www.elciclobcn.com\/es\/","og_locale":"es_ES","og_type":"article","og_title":"Home - El Ciclo Barcelona","og_description":"&nbsp; &nbsp; &nbsp;\u00a0 \u00a1Y acabamos de abrir nuestra tienda online! Tour en bicicleta Descubre la verdadera Barcelona durante nuestros tours en bicicleta. Un gu\u00eda privado, que vive en la ciudad y conoce todos los lugares importantes y tambi\u00e9n los m\u00e1s escondidos, te ense\u00f1ar\u00e1 lo mejor de Barcelona. Nuestros gu\u00edas hacen cada tour a medida y [&hellip;]","og_url":"https:\/\/www.elciclobcn.com\/es\/","og_site_name":"El Ciclo Barcelona","article_modified_time":"2025-09-06T08:07:33+00:00","og_image":[{"url":"https:\/\/www.elciclobcn.com\/es\/wp-content\/uploads\/sites\/2\/2018\/03\/tour-privado-en-bicicleta-barcelona1.jpg"}],"twitter_misc":{"Tiempo de lectura":"4 minutos"},"schema":{"@context":"https:\/\/schema.org","@graph":[{"@type":"WebPage","@id":"https:\/\/www.elciclobcn.com\/es\/","url":"https:\/\/www.elciclobcn.com\/es\/","name":"Home - El Ciclo Barcelona","isPartOf":{"@id":"https:\/\/www.elciclobcn.com\/es\/#website"},"primaryImageOfPage":{"@id":"https:\/\/www.elciclobcn.com\/es\/#primaryimage"},"image":{"@id":"https:\/\/www.elciclobcn.com\/es\/#primaryimage"},"thumbnailUrl":"https:\/\/www.elciclobcn.com\/es\/wp-content\/uploads\/sites\/2\/2018\/03\/tour-privado-en-bicicleta-barcelona1.jpg","datePublished":"2014-03-22T15:37:09+00:00","dateModified":"2025-09-06T08:07:33+00:00","inLanguage":"es","potentialAction":[{"@type":"ReadAction","target":["https:\/\/www.elciclobcn.com\/es\/"]}]},{"@type":"ImageObject","inLanguage":"es","@id":"https:\/\/www.elciclobcn.com\/es\/#primaryimage","url":"https:\/\/www.elciclobcn.com\/es\/wp-content\/uploads\/sites\/2\/2018\/03\/tour-privado-en-bicicleta-barcelona1.jpg","contentUrl":"https:\/\/www.elciclobcn.com\/es\/wp-content\/uploads\/sites\/2\/2018\/03\/tour-privado-en-bicicleta-barcelona1.jpg","width":400,"height":300},{"@type":"WebSite","@id":"https:\/\/www.elciclobcn.com\/es\/#website","url":"https:\/\/www.elciclobcn.com\/es\/","name":"El Ciclo Barcelona","description":"Bicicletas, arte y m\u00e1s","potentialAction":[{"@type":"SearchAction","target":{"@type":"EntryPoint","urlTemplate":"https:\/\/www.elciclobcn.com\/es\/?s={search_term_string}"},"query-input":"required name=search_term_string"}],"inLanguage":"es"}]}},"jetpack_sharing_enabled":true,"_links":{"self":[{"href":"https:\/\/www.elciclobcn.com\/es\/wp-json\/wp\/v2\/pages\/6","targetHints":{"allow":["GET"]}}],"collection":[{"href":"https:\/\/www.elciclobcn.com\/es\/wp-json\/wp\/v2\/pages"}],"about":[{"href":"https:\/\/www.elciclobcn.com\/es\/wp-json\/wp\/v2\/types\/page"}],"author":[{"embeddable":true,"href":"https:\/\/www.elciclobcn.com\/es\/wp-json\/wp\/v2\/users\/1"}],"replies":[{"embeddable":true,"href":"https:\/\/www.elciclobcn.com\/es\/wp-json\/wp\/v2\/comments?post=6"}],"version-history":[{"count":4,"href":"https:\/\/www.elciclobcn.com\/es\/wp-json\/wp\/v2\/pages\/6\/revisions"}],"predecessor-version":[{"id":953,"href":"https:\/\/www.elciclobcn.com\/es\/wp-json\/wp\/v2\/pages\/6\/revisions\/953"}],"wp:attachment":[{"href":"https:\/\/www.elciclobcn.com\/es\/wp-json\/wp\/v2\/media?parent=6"}],"curies":[{"name":"wp","href":"https:\/\/api.w.org\/{rel}","templated":true}]}}